{"id":721,"date":"2026-01-30T13:15:03","date_gmt":"2026-01-30T13:15:03","guid":{"rendered":"https:\/\/iefdessavoie.fr\/?page_id=721"},"modified":"2026-02-06T14:20:51","modified_gmt":"2026-02-06T14:20:51","slug":"activites-a-venir","status":"publish","type":"page","link":"https:\/\/iefdessavoie.fr\/index.php\/activites-a-venir\/","title":{"rendered":"Activit\u00e9s \u00e0 venir"},"content":{"rendered":"\n<p>Les activit\u00e9s sont r\u00e9serv\u00e9es aux adh\u00e9rents de l&rsquo;association. Le lien pour adh\u00e9rer est <a href=\"https:\/\/www.helloasso.com\/associations\/ief-des-savoie\/adhesions\/adhesion-2026I :\">ICI<\/a><\/p>\n\n\n\n<hr class=\"wp-block-separator has-alpha-channel-opacity\"\/>\n\n\n\n<h2 class=\"wp-block-heading\">Scienscope<\/h2>\n\n\n<div class=\"wp-block-image\">\n<figure class=\"alignleft size-large is-resized\"><img loading=\"lazy\" decoding=\"async\" width=\"700\" height=\"933\" src=\"https:\/\/iefdessavoie.fr\/wp-content\/uploads\/2026\/02\/jeanpierrecokelberghs-children-1578206_1280-700x933.jpg\" alt=\"\" class=\"wp-image-742\" style=\"width:243px;height:auto\" srcset=\"https:\/\/iefdessavoie.fr\/wp-content\/uploads\/2026\/02\/jeanpierrecokelberghs-children-1578206_1280-700x933.jpg 700w, https:\/\/iefdessavoie.fr\/wp-content\/uploads\/2026\/02\/jeanpierrecokelberghs-children-1578206_1280-225x300.jpg 225w, https:\/\/iefdessavoie.fr\/wp-content\/uploads\/2026\/02\/jeanpierrecokelberghs-children-1578206_1280-768x1024.jpg 768w, https:\/\/iefdessavoie.fr\/wp-content\/uploads\/2026\/02\/jeanpierrecokelberghs-children-1578206_1280-800x1067.jpg 800w, https:\/\/iefdessavoie.fr\/wp-content\/uploads\/2026\/02\/jeanpierrecokelberghs-children-1578206_1280.jpg 960w\" sizes=\"auto, (max-width: 700px) 100vw, 700px\" \/><\/figure>\n<\/div>\n\n\n<p>Au <strong>Scienscope<\/strong>, viens&#8230; <br>D\u00e9crypter le monde, <br>Explorer les d\u00e9marches scientifiques, <br>Stimuler ta curiosit\u00e9, <br>Aiguiser ton esprit critique&#8230;<\/p>\n\n\n\n<p>Les parents peuvent accompagner s&rsquo;ils le souhaitent, et doivent dans ce cas prendre une place. <\/p>\n\n\n\n<p>Et pour s&rsquo;inscrire aux ateliers c&rsquo;est <a href=\"https:\/\/www.helloasso.com\/associations\/ief-des-savoie\/evenements\/scienscope\" target=\"_blank\" rel=\"noreferrer noopener\">LA<\/a>.<\/p>\n\n\n\n<p><\/p>\n\n\n\n<hr class=\"wp-block-separator has-alpha-channel-opacity\"\/>\n\n\n\n<h2 class=\"wp-block-heading\">Spectacle Rom\u00e9o et Juliette &#8211; Th\u00e9\u00e2tre L&rsquo;int\u00e9gral \u00e0 Belley<\/h2>\n\n\n<div class=\"wp-block-image\">\n<figure class=\"alignleft size-full is-resized\"><img loading=\"lazy\" decoding=\"async\" width=\"336\" height=\"224\" src=\"https:\/\/iefdessavoie.fr\/wp-content\/uploads\/2026\/02\/Romeo-et-juliette.png\" alt=\"\" class=\"wp-image-747\" style=\"width:374px;height:auto\" srcset=\"https:\/\/iefdessavoie.fr\/wp-content\/uploads\/2026\/02\/Romeo-et-juliette.png 336w, https:\/\/iefdessavoie.fr\/wp-content\/uploads\/2026\/02\/Romeo-et-juliette-300x200.png 300w\" sizes=\"auto, (max-width: 336px) 100vw, 336px\" \/><\/figure>\n<\/div>\n\n\n<p>Spectacle ROMEO ET JULIETTE au Th\u00e9\u00e2tre L&rsquo;int\u00e9gral \u00e0 Belley : le 02\/04 \u00e0 14h sur une s\u00e9ance scolaire. https:\/\/www.lintegral.fr\/evenement\/romeo-et-juliette\/ D\u00e8s 10 ans Tarif unique (enfant et adulte) : 8\u20ac Attention les inscriptions sont ouvertes jusqu&rsquo;au 01\/03, pas d&rsquo;inscription possible apr\u00e8s cette date.<\/p>\n\n\n\n<p>Pour r\u00e9server vos places cliquez <a href=\"https:\/\/www.helloasso.com\/associations\/ief-des-savoie\/evenements\/spectacle-romeo-et-juliette-theatre-l-integral-a-belley\" target=\"_blank\" rel=\"noreferrer noopener\">LA<\/a><\/p>\n\n\n\n<hr class=\"wp-block-separator has-alpha-channel-opacity\"\/>\n\n\n\n<h2 class=\"wp-block-heading\">Immersion JAPON&nbsp;: atelier initiation \u00e0 la calligraphie<\/h2>\n\n\n<div class=\"wp-block-image\">\n<figure class=\"alignleft size-large is-resized\"><img loading=\"lazy\" decoding=\"async\" width=\"700\" height=\"466\" src=\"https:\/\/iefdessavoie.fr\/wp-content\/uploads\/2026\/02\/delo-calligraphy-1176333_1280-700x466.jpg\" alt=\"\" class=\"wp-image-750\" style=\"width:359px;height:auto\" srcset=\"https:\/\/iefdessavoie.fr\/wp-content\/uploads\/2026\/02\/delo-calligraphy-1176333_1280-700x466.jpg 700w, https:\/\/iefdessavoie.fr\/wp-content\/uploads\/2026\/02\/delo-calligraphy-1176333_1280-300x200.jpg 300w, https:\/\/iefdessavoie.fr\/wp-content\/uploads\/2026\/02\/delo-calligraphy-1176333_1280-768x512.jpg 768w, https:\/\/iefdessavoie.fr\/wp-content\/uploads\/2026\/02\/delo-calligraphy-1176333_1280-800x533.jpg 800w, https:\/\/iefdessavoie.fr\/wp-content\/uploads\/2026\/02\/delo-calligraphy-1176333_1280.jpg 1280w\" sizes=\"auto, (max-width: 700px) 100vw, 700px\" \/><\/figure>\n<\/div>\n\n\n<p class=\"has-text-align-right\">Vendredi 6 mars de 14h15 \u00e0 15h45 \u00e0 la MJC des Romains <\/p>\n\n\n\n<p class=\"has-text-align-right\">A partir de 6 ans <\/p>\n\n\n\n<p class=\"has-text-align-right\">Parents accompagnateurs possible Miho Kondo apprendra aux enfants \u00e0 \u00e9crire leur pr\u00e9nom en japonais au crayon \u00e0 papier puis avec un stylo pinceau comme le font les enfants dans les \u00e9coles au Japon. Ils apprendront aussi quelques petites phrases en japonais. <\/p>\n\n\n\n<p class=\"has-text-align-right\">Dans cet atelier\u00a0: culture japonaise, minutie, propret\u00e9, sens esth\u00e9tique, d\u00e9couverte, plaisir!<\/p>\n\n\n\n<p class=\"has-text-align-right\">R\u00e9servez votre place <a href=\"https:\/\/www.helloasso.com\/associations\/ief-des-savoie\/evenements\/immersion-japon-atelier-initiation-a-la-calligraphie\">LA<\/a><\/p>\n\n\n\n<hr class=\"wp-block-separator has-alpha-channel-opacity\"\/>\n\n\n\n<h2 class=\"wp-block-heading\">Spectacles Th\u00e9\u00e2tre des Collines \u00e0 Annecy<\/h2>\n\n\n\n<div class=\"wp-block-group is-nowrap is-layout-flex wp-container-core-group-is-layout-ad2f72ca wp-block-group-is-layout-flex\">\n<figure class=\"wp-block-image size-large is-resized\"><img loading=\"lazy\" decoding=\"async\" width=\"700\" height=\"394\" src=\"https:\/\/iefdessavoie.fr\/wp-content\/uploads\/2026\/02\/21776653_apidae-ficheGallery-700x394.jpg\" alt=\"\" class=\"wp-image-767\" style=\"aspect-ratio:1.7767202062264524;width:367px;height:auto\" srcset=\"https:\/\/iefdessavoie.fr\/wp-content\/uploads\/2026\/02\/21776653_apidae-ficheGallery-700x394.jpg 700w, https:\/\/iefdessavoie.fr\/wp-content\/uploads\/2026\/02\/21776653_apidae-ficheGallery-300x169.jpg 300w, https:\/\/iefdessavoie.fr\/wp-content\/uploads\/2026\/02\/21776653_apidae-ficheGallery-768x432.jpg 768w, https:\/\/iefdessavoie.fr\/wp-content\/uploads\/2026\/02\/21776653_apidae-ficheGallery-800x450.jpg 800w, https:\/\/iefdessavoie.fr\/wp-content\/uploads\/2026\/02\/21776653_apidae-ficheGallery.jpg 1084w\" sizes=\"auto, (max-width: 700px) 100vw, 700px\" \/><\/figure>\n\n\n\n<p>Places de spectacle sur des s\u00e9ances scolaires \u00e0 un tarif unique.<\/p>\n<\/div>\n\n\n\n<p>Une programmation \u00e9clectique, pour nourrir son imaginaire, se forger un esprit critique et s&rsquo;initier au plaisir artistique : th\u00e9\u00e2tre d&rsquo;ombres, th\u00e9\u00e2tre musicial, th\u00e9\u00e2tre d&rsquo;objets&#8230;<\/p>\n\n\n\n<p>Pour connaitre les spectacles et r\u00e9servez votre place c&rsquo;est <a href=\"https:\/\/www.helloasso.com\/associations\/ief-des-savoie\/evenements\/spectacles-theatre-des-collines-1\">LA<\/a><\/p>\n\n\n\n<hr class=\"wp-block-separator has-alpha-channel-opacity\"\/>\n\n\n\n<h2 class=\"wp-block-heading\">Visios \u00e0 th\u00e8me entre ados<\/h2>\n\n\n\n<div class=\"wp-block-group is-nowrap is-layout-flex wp-container-core-group-is-layout-ad2f72ca wp-block-group-is-layout-flex\">\n<p>Une visio par mois pour tous les ados \u00e0 partir de 11ans !<\/p>\n\n\n\n<figure class=\"wp-block-image size-full\"><img loading=\"lazy\" decoding=\"async\" width=\"400\" height=\"300\" src=\"https:\/\/iefdessavoie.fr\/wp-content\/uploads\/2026\/02\/6.png\" alt=\"\" class=\"wp-image-768\" srcset=\"https:\/\/iefdessavoie.fr\/wp-content\/uploads\/2026\/02\/6.png 400w, https:\/\/iefdessavoie.fr\/wp-content\/uploads\/2026\/02\/6-300x225.png 300w, https:\/\/iefdessavoie.fr\/wp-content\/uploads\/2026\/02\/6-80x60.png 80w\" sizes=\"auto, (max-width: 400px) 100vw, 400px\" \/><\/figure>\n<\/div>\n\n\n\n<p><\/p>\n\n\n\n<hr class=\"wp-block-separator has-alpha-channel-opacity\"\/>\n\n\n\n<p><\/p>\n\n\n\n<p><\/p>\n","protected":false},"excerpt":{"rendered":"<p>Les activit\u00e9s sont r\u00e9serv\u00e9es aux adh\u00e9rents de l&rsquo;association. Le lien pour adh\u00e9rer est ICI Scienscope Au Scienscope, viens&#8230; D\u00e9crypter le monde, Explorer les d\u00e9marches scientifiques, Stimuler ta curiosit\u00e9, Aiguiser ton esprit critique&#8230; Les parents peuvent accompagner s&rsquo;ils le souhaitent, et doivent dans ce cas prendre une place. Et pour s&rsquo;inscrire aux ateliers c&rsquo;est LA. Spectacle&#8230;<\/p>\n","protected":false},"author":6,"featured_media":0,"parent":0,"menu_order":0,"comment_status":"closed","ping_status":"closed","template":"","meta":{"footnotes":""},"class_list":["post-721","page","type-page","status-publish","hentry"],"jetpack_sharing_enabled":true,"_links":{"self":[{"href":"https:\/\/iefdessavoie.fr\/index.php\/wp-json\/wp\/v2\/pages\/721","targetHints":{"allow":["GET"]}}],"collection":[{"href":"https:\/\/iefdessavoie.fr\/index.php\/wp-json\/wp\/v2\/pages"}],"about":[{"href":"https:\/\/iefdessavoie.fr\/index.php\/wp-json\/wp\/v2\/types\/page"}],"author":[{"embeddable":true,"href":"https:\/\/iefdessavoie.fr\/index.php\/wp-json\/wp\/v2\/users\/6"}],"replies":[{"embeddable":true,"href":"https:\/\/iefdessavoie.fr\/index.php\/wp-json\/wp\/v2\/comments?post=721"}],"version-history":[{"count":5,"href":"https:\/\/iefdessavoie.fr\/index.php\/wp-json\/wp\/v2\/pages\/721\/revisions"}],"predecessor-version":[{"id":769,"href":"https:\/\/iefdessavoie.fr\/index.php\/wp-json\/wp\/v2\/pages\/721\/revisions\/769"}],"wp:attachment":[{"href":"https:\/\/iefdessavoie.fr\/index.php\/wp-json\/wp\/v2\/media?parent=721"}],"curies":[{"name":"wp","href":"https:\/\/api.w.org\/{rel}","templated":true}]}}