{"id":446,"date":"2023-07-26T22:51:01","date_gmt":"2023-07-26T20:51:01","guid":{"rendered":"https:\/\/iefdessavoie.fr\/?page_id=446"},"modified":"2023-07-26T22:51:01","modified_gmt":"2023-07-26T20:51:01","slug":"entrer-en-2de-au-lycee-general-et-technologique","status":"publish","type":"page","link":"https:\/\/iefdessavoie.fr\/index.php\/entrer-en-2de-au-lycee-general-et-technologique\/","title":{"rendered":"Entrer en 2de au lyc\u00e9e g\u00e9n\u00e9ral et technologique"},"content":{"rendered":"\n<p>Lorsqu&rsquo;un jeune en Instruction En Famille fait le choix de rentrer au lyc\u00e9e, nous pourrions penser que le brevet des coll\u00e8ges constitue une preuve suffisante de son niveau. Or, tout comme pour les \u00e9l\u00e8ves d&rsquo;\u00e9tablissements scolaires hors contrat, il n&rsquo;en est rien et il devra passer un examen sp\u00e9cifique appel\u00e9 \u00ab\u00a0examen d&rsquo;entr\u00e9e en seconde\u00a0\u00bb. Les r\u00e9sultats obtenus serviront \u00e0 d\u00e9terminer son niveau au vu de l&rsquo;enseignement scolaire. <\/p>\n\n\n\n<p><br><\/p>\n\n\n\n<p><\/p>\n\n\n\n<p><\/p>\n\n\n\n<p><\/p>\n\n\n\n<p><\/p>\n\n\n\n<p><\/p>\n\n\n\n<p><\/p>\n\n\n\n<p class=\"has-text-align-center\"><strong>Choisir d&rsquo;aller au lyc\u00e9e : l&rsquo;examen d&rsquo;entr\u00e9e en seconde<\/strong><\/p>\n\n\n\n<p><\/p>\n\n\n\n<p>Le passage au lyc\u00e9e est fr\u00e9quemment un moment de r\u00e9flexion dans les familles. Dans le cas o\u00f9 votre enfant souhaiterait int\u00e9grer le lyc\u00e9e ou un CAP, il doit passer un examen d&rsquo;entr\u00e9e en seconde. Obligatoire, les r\u00e9sultats obtenus permettront d&rsquo;orienter l&rsquo;enfant vers une seconde g\u00e9n\u00e9rale ou professionnelle. Il dure une journ\u00e9e compl\u00e8te et a lieu aux alentours du mois de mai. Les inscriptions se font entre f\u00e9vrier et mars aupr\u00e8s de la direction des examens et concours de votre acad\u00e9mie de rattachement.<\/p>\n\n\n\n<p>Cet examen n&rsquo;a pas lieu dans votre d\u00e9partement mais dans celui o\u00f9 se trouvent les services administratifs de l&rsquo;acad\u00e9mie dont vous d\u00e9pendez. Ainsi, tous les \u00e9l\u00e8ves de l&rsquo;acad\u00e9mie de Grenoble se rendent \u00e0 Grenoble, tous ceux de l&rsquo;acad\u00e9mie de Lyon se rendent \u00e0 Lyon, et ainsi de suite.<\/p>\n\n\n\n<p>Les \u00e9preuves :<\/p>\n\n\n\n<p>&#8211; fran\u00e7ais (1h30)<\/p>\n\n\n\n<p>&#8211; math\u00e9matiques (1h30)<\/p>\n\n\n\n<p>&#8211; langue vivante, \u00e0 pr\u00e9ciser lors de l&rsquo;inscription parmi les suivantes : anglais, italien, allemand, ou espagnol (45 minutes)<\/p>\n\n\n\n<p>&#8211; histoire-g\u00e9ographie (45 minutes)<\/p>\n\n\n\n<p>&#8211; sciences : sciences et vie de la terre et physique-chimie (45 minutes)<\/p>\n\n\n\n<p>Des annales sont disponibles <a rel=\"noreferrer noopener\" href=\"https:\/\/www1.ac-grenoble.fr\/article\/examen-d-entree-en-seconde-dans-l-enseignement-public-ou-prive-sous-contrat-121641\" target=\"_blank\">ici<\/a> et des renseignements suppl\u00e9mentaires <a href=\"https:\/\/www.ac-lyon.fr\/l-inscription-en-lycee-public-cas-particuliers-122300\" target=\"_blank\" rel=\"noreferrer noopener\">ici<\/a>. <\/p>\n","protected":false},"excerpt":{"rendered":"<p>Lorsqu&rsquo;un jeune en Instruction En Famille fait le choix de rentrer au lyc\u00e9e, nous pourrions penser que le brevet des coll\u00e8ges constitue une preuve suffisante de son niveau. Or, tout comme pour les \u00e9l\u00e8ves d&rsquo;\u00e9tablissements scolaires hors contrat, il n&rsquo;en est rien et il devra passer un examen sp\u00e9cifique appel\u00e9 \u00ab\u00a0examen d&rsquo;entr\u00e9e en seconde\u00a0\u00bb. Les&#8230;<\/p>\n","protected":false},"author":4,"featured_media":0,"parent":0,"menu_order":0,"comment_status":"closed","ping_status":"closed","template":"","meta":{"footnotes":""},"class_list":["post-446","page","type-page","status-publish","hentry"],"jetpack_sharing_enabled":true,"_links":{"self":[{"href":"https:\/\/iefdessavoie.fr\/index.php\/wp-json\/wp\/v2\/pages\/446","targetHints":{"allow":["GET"]}}],"collection":[{"href":"https:\/\/iefdessavoie.fr\/index.php\/wp-json\/wp\/v2\/pages"}],"about":[{"href":"https:\/\/iefdessavoie.fr\/index.php\/wp-json\/wp\/v2\/types\/page"}],"author":[{"embeddable":true,"href":"https:\/\/iefdessavoie.fr\/index.php\/wp-json\/wp\/v2\/users\/4"}],"replies":[{"embeddable":true,"href":"https:\/\/iefdessavoie.fr\/index.php\/wp-json\/wp\/v2\/comments?post=446"}],"version-history":[{"count":0,"href":"https:\/\/iefdessavoie.fr\/index.php\/wp-json\/wp\/v2\/pages\/446\/revisions"}],"wp:attachment":[{"href":"https:\/\/iefdessavoie.fr\/index.php\/wp-json\/wp\/v2\/media?parent=446"}],"curies":[{"name":"wp","href":"https:\/\/api.w.org\/{rel}","templated":true}]}}