{"id":428,"date":"2023-07-21T18:20:59","date_gmt":"2023-07-21T16:20:59","guid":{"rendered":"https:\/\/iefdessavoie.fr\/?page_id=428"},"modified":"2023-07-21T18:20:59","modified_gmt":"2023-07-21T16:20:59","slug":"le-recensement-a-16-ans","status":"publish","type":"page","link":"https:\/\/iefdessavoie.fr\/index.php\/le-recensement-a-16-ans\/","title":{"rendered":"Le recensement \u00e0 16 ans"},"content":{"rendered":"\n<p>Le recensement concerne tous les jeunes de 16 ans ayant la nationalit\u00e9 fran\u00e7aise. <\/p>\n\n\n\n<p><\/p>\n\n\n\n<p>Dans les 3 mois qui suivent leur anniversaire, les jeunes de nationalit\u00e9 fran\u00e7aise se rendent aupr\u00e8s de leur mairie pour se faire recenser. Ce recensement est obligatoire et n\u00e9cessaire pour s&rsquo;inscrire \u00e0 n&rsquo;importe quel examen fran\u00e7ais, comme le bac ou le permis de conduire. Un justificatif de recensement vous sera envoy\u00e9.<\/p>\n\n\n\n<p>Si vous vous faites recenser en mairie, prenez avec vous votre carte d&rsquo;identit\u00e9, un justificatif de domicile et votre livret de famille (\u00e0 jour).<\/p>\n\n\n\n<p>Vous pouvez vous faire recenser par internet en <a rel=\"noreferrer noopener\" href=\"https:\/\/www.service-public.fr\/particuliers\/vosdroits\/R2054\" target=\"_blank\">cliquant ici<\/a>. Munissez-vous de votre carte d&rsquo;identit\u00e9 ou de votre passeport et de votre livret de famille (\u00e0 jour) num\u00e9ris\u00e9s au format PDF.<\/p>\n\n\n\n<p>Une fois recens\u00e9s, les jeunes seront inscrits automatiquement sur les listes \u00e9lectorales \u00e0 leurs 18 ans. Dans les mois qui suivent, ils seront convoqu\u00e9s \u00e0 leur Journ\u00e9e D\u00e9fense et Citoyennet\u00e9.<\/p>\n\n\n\n<p>Si vous avez d\u00e9pass\u00e9 la date limite, vous pouvez encore r\u00e9gulariser votre situation jusqu&rsquo;\u00e0 25 ans en suivant l&rsquo;une des deux d\u00e9marches pr\u00e9sent\u00e9es ci-dessus. <\/p>\n\n\n\n<p>Pour plus d&rsquo;informations sur le recensement, <a href=\"https:\/\/www.service-public.fr\/particuliers\/vosdroits\/F870\" target=\"_blank\" rel=\"noreferrer noopener\">cliquez ici<\/a>. <\/p>\n\n\n\n<p><\/p>\n","protected":false},"excerpt":{"rendered":"<p>Le recensement concerne tous les jeunes de 16 ans ayant la nationalit\u00e9 fran\u00e7aise. Dans les 3 mois qui suivent leur anniversaire, les jeunes de nationalit\u00e9 fran\u00e7aise se rendent aupr\u00e8s de leur mairie pour se faire recenser. Ce recensement est obligatoire et n\u00e9cessaire pour s&rsquo;inscrire \u00e0 n&rsquo;importe quel examen fran\u00e7ais, comme le bac ou le permis&#8230;<\/p>\n","protected":false},"author":4,"featured_media":0,"parent":0,"menu_order":0,"comment_status":"closed","ping_status":"closed","template":"","meta":{"footnotes":""},"class_list":["post-428","page","type-page","status-publish","hentry"],"jetpack_sharing_enabled":true,"_links":{"self":[{"href":"https:\/\/iefdessavoie.fr\/index.php\/wp-json\/wp\/v2\/pages\/428","targetHints":{"allow":["GET"]}}],"collection":[{"href":"https:\/\/iefdessavoie.fr\/index.php\/wp-json\/wp\/v2\/pages"}],"about":[{"href":"https:\/\/iefdessavoie.fr\/index.php\/wp-json\/wp\/v2\/types\/page"}],"author":[{"embeddable":true,"href":"https:\/\/iefdessavoie.fr\/index.php\/wp-json\/wp\/v2\/users\/4"}],"replies":[{"embeddable":true,"href":"https:\/\/iefdessavoie.fr\/index.php\/wp-json\/wp\/v2\/comments?post=428"}],"version-history":[{"count":0,"href":"https:\/\/iefdessavoie.fr\/index.php\/wp-json\/wp\/v2\/pages\/428\/revisions"}],"wp:attachment":[{"href":"https:\/\/iefdessavoie.fr\/index.php\/wp-json\/wp\/v2\/media?parent=428"}],"curies":[{"name":"wp","href":"https:\/\/api.w.org\/{rel}","templated":true}]}}