{"id":34,"date":"2021-08-15T08:18:27","date_gmt":"2021-08-15T06:18:27","guid":{"rendered":"https:\/\/iefdessavoie.fr\/?page_id=34"},"modified":"2026-01-30T10:46:02","modified_gmt":"2026-01-30T10:46:02","slug":"adherer-a-lassociation","status":"publish","type":"page","link":"https:\/\/iefdessavoie.fr\/index.php\/adherer-a-lassociation\/","title":{"rendered":"Adh\u00e9rer \u00e0 l&rsquo;association"},"content":{"rendered":"\n<p><a href=\"http:\/\/iefdesj.cluster121.hosting.ovh.net\/pourquoi-adherer\/\" data-type=\"page\" data-id=\"31\">Pourquoi adh\u00e9rer \u00e0 l\u2019association Ief des Savoie<\/a><\/p>\n\n\n\n<p>En adh\u00e9rant vous faites parti d\u2019un r\u00e9seau qui partage des valeurs communes et vous soutenez les diff\u00e9rentes actions que propose l\u2019association.<\/p>\n\n\n\n<p>L&rsquo;adh\u00e9sion vous apporte des tarifs pr\u00e9f\u00e9rentiels pour les sorties, un soutien dans la d\u00e9fense de vos droits de parents instructeur &#8230; <\/p>\n\n\n\n<p>Deux modes d&rsquo;adh\u00e9sion sont possibles :<\/p>\n\n\n\n<ul class=\"wp-block-list\">\n<li>l&rsquo;adh\u00e9sion \u00ab\u00a0<strong>membre participant<\/strong>\u00a0\u00bb permet de participer aux diverses activit\u00e9s et sorties de l\u2019association et\/ou de b\u00e9n\u00e9ficier de son aide lors des dossiers de demande d\u2019IEF ou des RAPO. C&rsquo;est une adh\u00e9sion familiale (parents et enfants uniquement). Son co\u00fbt s&rsquo;\u00e9l\u00e8ve \u00e0 10\u20ac par famille.<\/li>\n\n\n\n<li>l&rsquo;adh\u00e9sion \u00ab\u00a0<strong>membre de soutien<\/strong>\u00a0\u00bb est \u00e0 destination des personnes qui souhaitent uniquement apporter leur soutien \u00e0 l\u2019association sans participer \u00e0 ses activit\u00e9s. Afin que le nombre d\u2019adh\u00e9rents puisse \u00eatre davantage repr\u00e9sentatif du nombre de familles pratiquant l\u2019IEF sur les d\u00e9partements de la Savoie, de la Haute-Savoie et de l\u2019Ain. La participation est libre \u00e0 partir d\u2019un euro.<\/li>\n<\/ul>\n\n\n\n<p>L\u2019adh\u00e9sion 2026 est valable du 1er janvier 2026 au 31 ao\u00fbt 2026.<\/p>\n\n\n\n<p><strong>En adh\u00e9rant \u00e0 l\u2019association, vous acceptez <a href=\"https:\/\/drive.google.com\/file\/d\/1-_EoIv8bkIeRdRxGPInaMJeZKn700txd\/view?usp=sharing\" target=\"_blank\" rel=\"noreferrer noopener\">ses statuts et son r\u00e8glement int\u00e9rieur<\/a><\/strong><\/p>\n\n\n\n<p><strong>Pour adh\u00e9rer, remplissez <a href=\"https:\/\/www.helloasso.com\/associations\/ief-des-savoie\/adhesions\/adhesion-2026\" target=\"_blank\" rel=\"noreferrer noopener\">le formulaire en ligne<\/a>.<\/strong><\/p>\n\n\n\n<p><\/p>\n","protected":false},"excerpt":{"rendered":"<p>Pourquoi adh\u00e9rer \u00e0 l\u2019association Ief des Savoie En adh\u00e9rant vous faites parti d\u2019un r\u00e9seau qui partage des valeurs communes et vous soutenez les diff\u00e9rentes actions que propose l\u2019association. L&rsquo;adh\u00e9sion vous apporte des tarifs pr\u00e9f\u00e9rentiels pour les sorties, un soutien dans la d\u00e9fense de vos droits de parents instructeur &#8230; Deux modes d&rsquo;adh\u00e9sion sont possibles :&#8230;<\/p>\n","protected":false},"author":2,"featured_media":0,"parent":0,"menu_order":0,"comment_status":"closed","ping_status":"closed","template":"nosidebar.php","meta":{"footnotes":""},"class_list":["post-34","page","type-page","status-publish","hentry"],"jetpack_sharing_enabled":true,"_links":{"self":[{"href":"https:\/\/iefdessavoie.fr\/index.php\/wp-json\/wp\/v2\/pages\/34","targetHints":{"allow":["GET"]}}],"collection":[{"href":"https:\/\/iefdessavoie.fr\/index.php\/wp-json\/wp\/v2\/pages"}],"about":[{"href":"https:\/\/iefdessavoie.fr\/index.php\/wp-json\/wp\/v2\/types\/page"}],"author":[{"embeddable":true,"href":"https:\/\/iefdessavoie.fr\/index.php\/wp-json\/wp\/v2\/users\/2"}],"replies":[{"embeddable":true,"href":"https:\/\/iefdessavoie.fr\/index.php\/wp-json\/wp\/v2\/comments?post=34"}],"version-history":[{"count":2,"href":"https:\/\/iefdessavoie.fr\/index.php\/wp-json\/wp\/v2\/pages\/34\/revisions"}],"predecessor-version":[{"id":712,"href":"https:\/\/iefdessavoie.fr\/index.php\/wp-json\/wp\/v2\/pages\/34\/revisions\/712"}],"wp:attachment":[{"href":"https:\/\/iefdessavoie.fr\/index.php\/wp-json\/wp\/v2\/media?parent=34"}],"curies":[{"name":"wp","href":"https:\/\/api.w.org\/{rel}","templated":true}]}}