{"id":21,"date":"2021-08-15T08:08:30","date_gmt":"2021-08-15T06:08:30","guid":{"rendered":"https:\/\/iefdessavoie.fr\/?page_id=21"},"modified":"2026-01-30T13:22:55","modified_gmt":"2026-01-30T13:22:55","slug":"presentation","status":"publish","type":"page","link":"https:\/\/iefdessavoie.fr\/index.php\/presentation\/","title":{"rendered":"Pr\u00e9sentation"},"content":{"rendered":"\n<p>L\u2019<strong>Association Instruction En Famille des Savoie<\/strong> a \u00e9t\u00e9 cr\u00e9\u00e9e en novembre 2016 (c\u2019est anciennement le Collectif IEF 74 cr\u00e9e en septembre 2014). C\u2019est une association regroupant des parents ayant choisi d\u2019instruire leurs enfants en famille, ainsi que des parents en questionnement sur le sujet. Cette association est constitu\u00e9e essentiellement de familles issues des d\u00e9partements des deux Savoie ; elle accueille \u00e9galement des familles des d\u00e9partements limitrophes ainsi que des familles du canton de Gen\u00e8ve. &nbsp;<\/p>\n\n\n\n<h2 class=\"wp-block-heading\"> <strong>L&rsquo;objet de l\u2019association est de :<\/strong> &nbsp;<\/h2>\n\n\n\n<ul class=\"wp-block-list\">\n<li>permettre aux parents de <strong>cr\u00e9er des liens et de favoriser les rencontres<\/strong> (\u00e9changer et partager sur la pratique de l\u2019instruction en famille). <\/li>\n<\/ul>\n\n\n\n<ul class=\"wp-block-list\">\n<li><strong>faciliter l\u2019organisation des sorties <\/strong>et des activit\u00e9s pour les enfants. &nbsp;<\/li>\n<\/ul>\n\n\n\n<ul class=\"wp-block-list\">\n<li><strong>organiser diverses actions d\u2019information sur l\u2019instruction en famille<\/strong>. <\/li>\n<\/ul>\n\n\n\n<ul class=\"wp-block-list\">\n<li><strong>d\u00e9fendre et promouvoir le droit \u00e0 la libert\u00e9 de choix d&rsquo;instruction<\/strong> pour les parents afin de rendre effectif le droit \u00e0 l&rsquo;\u00e9ducation de leurs enfants.&nbsp;<\/li>\n<\/ul>\n\n\n\n<ul class=\"wp-block-list\">\n<li><strong>promouvoir et d\u00e9fendre les droits des enfants<\/strong> en r\u00e9f\u00e9rence \u00e0 la Convention internationale des droits de l&rsquo;enfant (CIDE)&nbsp;<\/li>\n<\/ul>\n\n\n\n<ul class=\"wp-block-list\">\n<li><strong>aider les parents \u00e0 mieux conna\u00eetre et faire valoir leurs droits \u00e0 choisir une instruction<\/strong> (autre que l\u2019instruction en \u00e9tablissement scolaire) qui r\u00e9pond aux besoins et au droit \u00e0 l&rsquo;\u00e9ducation de leurs enfants.&nbsp;<\/li>\n<\/ul>\n\n\n\n<ul class=\"wp-block-list\">\n<li><strong>repr\u00e9senter les familles adh\u00e9rentes aupr\u00e8s des pouvoirs publics pour d\u00e9fendre, promouvoir et garantir le droit \u00e0 la libert\u00e9 d&rsquo;instruction<\/strong> dans le respect du droit \u00e0 l&rsquo;\u00e9ducation des enfants.&nbsp;<\/li>\n<\/ul>\n\n\n\n<h2 class=\"wp-block-heading\"><strong>Tout au long de l\u2019ann\u00e9e l\u2019association met en place diverses actions :<\/strong> <\/h2>\n\n\n\n<p>&#8211; Organisation d&rsquo;ateliers, sorties, rencontres, f\u00eates et grands jeux pour les familles\u2026 <\/p>\n\n\n\n<p>&#8211; Mise en place et gestion du partenariat avec la mjc des Romains \u00e0 Annecy (le partenariat permet notamment l\u2019obtention d\u2019une salle gratuite tous les vendredis apr\u00e8s-midi pour des rencontres entre familles ief).<\/p>\n\n\n\n<p>\u2013 Organisation de deux grands jeux \u00e0 la MJC des Romains.<\/p>\n\n\n\n<p>\u2013 Organisation des samedis p\u00e9dagogiques pour \u00ab&nbsp;apprendre autrement et accompagner diff\u00e9remment&nbsp;\u00bb les enfants dans leurs apprentissages.<\/p>\n\n\n\n<p>\u2013 Organisation des soir\u00e9es partage d\u2019exp\u00e9rience sur l\u2019IEF.<\/p>\n\n\n\n<h2 class=\"wp-block-heading has-medium-font-size\"><strong>L\u2019association fonctionne en gouvernance partag\u00e9e<\/strong> avec une coll\u00e9giale qui g\u00e8re l\u2019association<strong>.<\/strong> Tous les membres de la coll\u00e9giale sont \u00e0 \u00e9galit\u00e9 pour l\u2019organisation et la gestion de l\u2019association. Ainsi il n\u2019y a pas de dirigeants avec un pr\u00e9sident, un tr\u00e9sorier et un secr\u00e9taire. Les prises de d\u00e9cisions sont discut\u00e9es d\u2019un commun accord.<\/h2>\n\n\n\n<p>La coll\u00e9giale peut-\u00eatre renouvel\u00e9e chaque ann\u00e9e lors de l\u2019assembl\u00e9e g\u00e9n\u00e9rale.<\/p>\n\n\n\n<p><\/p>\n","protected":false},"excerpt":{"rendered":"<p>L\u2019Association Instruction En Famille des Savoie a \u00e9t\u00e9 cr\u00e9\u00e9e en novembre 2016 (c\u2019est anciennement le Collectif IEF 74 cr\u00e9e en septembre 2014). C\u2019est une association regroupant des parents ayant choisi d\u2019instruire leurs enfants en famille, ainsi que des parents en questionnement sur le sujet. Cette association est constitu\u00e9e essentiellement de familles issues des d\u00e9partements des&#8230;<\/p>\n","protected":false},"author":2,"featured_media":0,"parent":0,"menu_order":0,"comment_status":"closed","ping_status":"closed","template":"nosidebar.php","meta":{"footnotes":""},"class_list":["post-21","page","type-page","status-publish","hentry"],"jetpack_sharing_enabled":true,"_links":{"self":[{"href":"https:\/\/iefdessavoie.fr\/index.php\/wp-json\/wp\/v2\/pages\/21","targetHints":{"allow":["GET"]}}],"collection":[{"href":"https:\/\/iefdessavoie.fr\/index.php\/wp-json\/wp\/v2\/pages"}],"about":[{"href":"https:\/\/iefdessavoie.fr\/index.php\/wp-json\/wp\/v2\/types\/page"}],"author":[{"embeddable":true,"href":"https:\/\/iefdessavoie.fr\/index.php\/wp-json\/wp\/v2\/users\/2"}],"replies":[{"embeddable":true,"href":"https:\/\/iefdessavoie.fr\/index.php\/wp-json\/wp\/v2\/comments?post=21"}],"version-history":[{"count":2,"href":"https:\/\/iefdessavoie.fr\/index.php\/wp-json\/wp\/v2\/pages\/21\/revisions"}],"predecessor-version":[{"id":726,"href":"https:\/\/iefdessavoie.fr\/index.php\/wp-json\/wp\/v2\/pages\/21\/revisions\/726"}],"wp:attachment":[{"href":"https:\/\/iefdessavoie.fr\/index.php\/wp-json\/wp\/v2\/media?parent=21"}],"curies":[{"name":"wp","href":"https:\/\/api.w.org\/{rel}","templated":true}]}}